{"id":470,"date":"2023-04-27T10:33:12","date_gmt":"2023-04-27T08:33:12","guid":{"rendered":"https:\/\/maxime-roy.com\/?post_type=product&#038;p=470"},"modified":"2026-04-18T15:34:39","modified_gmt":"2026-04-18T13:34:39","slug":"coeur-de-lege","status":"publish","type":"product","link":"https:\/\/maxime-roy.com\/en\/boutique\/coeur-de-lege\/","title":{"rendered":"C\u0153ur de L\u00e8ge"},"content":{"rendered":"<p>Tirage argentique sur papier photo 220g finition mat (qualit\u00e9 mus\u00e9e).<\/p>\n<h2>Photographie<\/h2>\n<p>Bienvenue au C\u0153ur du Cap Ferret ! Entre le village de Piquey c\u00f4t\u00e9 bassin et les plages c\u00f4t\u00e9 oc\u00e9an, cette photo est un survol du Cap Ferret dans sa largeur. Depuis les maisons de vacance pos\u00e9es sur les hauteurs de Piquey, on survole la bande de for\u00eats et de dunes jusqu&#8217;\u00e0 l&#8217;oc\u00e9an. Situ\u00e9e derri\u00e8re le village de Piquey, sur la dune de Bayle, se trouve une parcelle de pins en forme de c\u0153ur. C&#8217;est un message d&#8217;amour adress\u00e9 \u00e0 la for\u00eat par Jean-Pierre Duval, Responsable de l&#8217;Office National des For\u00eats (ONF) du Bassin d&#8217;Arcachon. Un symbole magique pour les amoureux de ce bout du monde&#8230;<\/p>\n<p>Intitul\u00e9 &#8220;C\u0153ur de L\u00e8ge&#8221; en r\u00e9f\u00e9rence \u00e0 la commune de L\u00e8ge-Cap Ferret, ce format panoramique de 45 x 135 cm s&#8217;\u00e9tire pour couvrir la p\u00e9ninsule dans sa largeur (2 kilom\u00e8tres). Le clich\u00e9 a \u00e9t\u00e9 r\u00e9alis\u00e9 \u00e0 bord d&#8217;un avion par l&#8217;Institut G\u00e9ographique National en 2021. Les couleurs dominantes du clich\u00e9 sont le vert imp\u00e9rial, vert mousse et \u00e9meraude.<\/p>\n<h2>\u00c9dition limit\u00e9e et certificat d&#8217;authenticit\u00e9<\/h2>\n<p>Cette photographie est \u00e9dit\u00e9e en s\u00e9rie limit\u00e9e de <strong>30 exemplaires<\/strong> au format 45 x 135 centim\u00e8tres. Chaque exemplaire est accompagn\u00e9 d&#8217;un certificat d&#8217;authenticit\u00e9 num\u00e9rot\u00e9.<\/p>\n<h2>Encres et papier<\/h2>\n<p>Le tirage est r\u00e9alis\u00e9 sur papier photo de qualit\u00e9 professionnelle par mon laboratoire partenaire. La qualit\u00e9 des encres et du papier vous garantit une <strong>conservation parfaite des couleurs <\/strong>pendant 40 ans en situation d&#8217;exposition (\u00e0 la lumi\u00e8re du jour, en int\u00e9rieur et sans exposition \u00e0 la chaleur ou l&#8217;humidit\u00e9).<\/p>\n<h2>Encadrement<\/h2>\n<p>Le cadre n&#8217;est pas livr\u00e9 avec le tirage. <a href=\"https:\/\/maxime-roy.com\/solutions-dencadrement\/\">Consultez la page &#8220;Cadres et encadrement&#8221;<\/a> pour <strong>trouver un cadre adapt\u00e9 \u00e0 votre int\u00e9rieur<\/strong>.<br \/>\nSi vous souhaitez recevoir un tirage encadr\u00e9, c&#8217;est possible ! Dans ce cas, contactez-moi avant de passer commande (mes coordonn\u00e9es sont en bas de cette page).<\/p>\n<h2>Livraison<\/h2>\n<p>Transporteur : La Poste Colissimo avec suivi.<br \/>\n<strong>D\u00e9lai : 5 jours ouvr\u00e9s<\/strong>. Par exemple, si vous passez commande le samedi ou le dimanche, vous recevrez le colis chez vous le vendredi suivant.<br \/>\nEmballage : le tirage est roul\u00e9 dans du papier de soie pour prot\u00e9ger les encres du contact avec le carton, puis ins\u00e9r\u00e9 en rouleau dans un emballage avec protection renforc\u00e9e en carton recycl\u00e9. Je vous le garantis : votre tirage n&#8217;arrivera jamais pli\u00e9 en mauvais \u00e9tat.<\/p>\n<h2><a href=\"https:\/\/maxime-roy.com\/collection-bassin-arcachon\/\">La collection de photographies d&#8217;art &#8220;Le Bassin d&#8217;Arcachon&#8221;<\/a><\/h2>\n<p>Le tableau &#8220;C\u0153ur de L\u00e8ge&#8221; fait partie de <a href=\"https:\/\/maxime-roy.com\/collection-bassin-arcachon\/\">la collection de tableaux sur le th\u00e8me du Bassin d&#8217;Arcachon<\/a>. D\u00e9couvrez les autres tableaux de la collection : <a href=\"https:\/\/maxime-roy.com\/boutique\/banc-d-arguin-au-naturel\/\">le Banc d&#8217;Arguin<\/a> et <a href=\"https:\/\/maxime-roy.com\/boutique\/la-dune-du-pilat\/\">la Dune du Pilat<\/a>, <a href=\"https:\/\/maxime-roy.com\/boutique\/couleurs-de-leyre\/\">le Delta de la Leyre : la rivi\u00e8re qui a donn\u00e9 naissance au Bassin d&#8217;Arcachon<\/a>, <a href=\"https:\/\/maxime-roy.com\/boutique\/ile-aux-oiseaux\/\">l&#8217;Ile aux Oiseaux : un paradis au c\u0153ur du bassin bord\u00e9 par les c\u00e9l\u00e8bres cabanes tchanqu\u00e9es<\/a>, <a href=\"https:\/\/maxime-roy.com\/boutique\/ecume-du-jour\/\">\u00c9cume du jour : les plages oc\u00e9anes du Cap Ferret<\/a> et enfin <a href=\"https:\/\/maxime-roy.com\/boutique\/bassin-d-arcachon\/\">le tableau de tout le Bassin d&#8217;Arcachon<\/a>.<\/p>\n","protected":false},"excerpt":{"rendered":"<p><em>Au c\u0153ur du Cap Ferret<\/em><br \/>\nPhotographie a\u00e9rienne du c\u0153ur forestier du Cap Ferret (2021)<br \/>\n<strong>Format<\/strong> 45 x 135 cm (panoramique)<br \/>\n<strong>Tirage argentique<\/strong> sur papier photo 220 g<br \/>\n<strong>\u00c9dition limit\u00e9e<\/strong> \u00e0 30 exemplaires num\u00e9rot\u00e9s<\/p>\n<p>Bienvenue au C\u0153ur du Cap Ferret ! Situ\u00e9e derri\u00e8re le village de Piquey, sur la dune de Bayle, se trouve une parcelle de pins en forme de c\u0153ur. Un symbole magique pour les amoureux de ce bout du monde&#8230;<\/p>\n","protected":false},"featured_media":830,"comment_status":"open","ping_status":"closed","template":"","meta":{"site-sidebar-layout":"default","site-content-layout":"default","ast-global-header-display":"","ast-main-header-display":"","ast-hfb-above-header-display":"","ast-hfb-below-header-display":"","ast-hfb-mobile-header-display":"","site-post-title":"","ast-breadcrumbs-content":"","ast-featured-img":"","footer-sml-layout":"","theme-transparent-header-meta":"default","adv-header-id-meta":"","stick-header-meta":"","header-above-stick-meta":"","header-main-stick-meta":"","header-below-stick-meta":"","_vp_format_video_url":"","_vp_image_focal_point":[]},"product_brand":[],"product_cat":[38,53,62],"product_tag":[63,49,44,50,47,52,48,64,65,66,51],"class_list":{"0":"post-470","1":"product","2":"type-product","3":"status-publish","4":"has-post-thumbnail","6":"product_cat-bassin-darcachon","7":"product_cat-format","8":"product_cat-panoramique","9":"product_tag-coeur","10":"product_tag-dunes","11":"product_tag-emeraude","12":"product_tag-foret","13":"product_tag-littoral","14":"product_tag-symbole","15":"product_tag-vagues","16":"product_tag-vert","17":"product_tag-vert-imperial","18":"product_tag-vert-mousse","19":"product_tag-ville","20":"product_shipping_class-creativehub-flatrate","21":"desktop-align-left","22":"tablet-align-left","23":"mobile-align-left","25":"first","26":"instock","27":"purchasable","28":"product-type-simple"},"jetpack_sharing_enabled":true,"_links":{"self":[{"href":"https:\/\/maxime-roy.com\/en\/wp-json\/wp\/v2\/product\/470","targetHints":{"allow":["GET"]}}],"collection":[{"href":"https:\/\/maxime-roy.com\/en\/wp-json\/wp\/v2\/product"}],"about":[{"href":"https:\/\/maxime-roy.com\/en\/wp-json\/wp\/v2\/types\/product"}],"replies":[{"embeddable":true,"href":"https:\/\/maxime-roy.com\/en\/wp-json\/wp\/v2\/comments?post=470"}],"wp:featuredmedia":[{"embeddable":true,"href":"https:\/\/maxime-roy.com\/en\/wp-json\/wp\/v2\/media\/830"}],"wp:attachment":[{"href":"https:\/\/maxime-roy.com\/en\/wp-json\/wp\/v2\/media?parent=470"}],"wp:term":[{"taxonomy":"product_brand","embeddable":true,"href":"https:\/\/maxime-roy.com\/en\/wp-json\/wp\/v2\/product_brand?post=470"},{"taxonomy":"product_cat","embeddable":true,"href":"https:\/\/maxime-roy.com\/en\/wp-json\/wp\/v2\/product_cat?post=470"},{"taxonomy":"product_tag","embeddable":true,"href":"https:\/\/maxime-roy.com\/en\/wp-json\/wp\/v2\/product_tag?post=470"}],"curies":[{"name":"wp","href":"https:\/\/api.w.org\/{rel}","templated":true}]}}