{"id":30,"date":"2022-10-13T07:23:00","date_gmt":"2022-10-13T05:23:00","guid":{"rendered":"https:\/\/maxime-roy.com\/?post_type=product&#038;p=30"},"modified":"2026-04-28T18:16:01","modified_gmt":"2026-04-28T16:16:01","slug":"archipel-glenan-bretagne","status":"publish","type":"product","link":"https:\/\/maxime-roy.com\/en\/boutique\/archipel-glenan-bretagne\/","title":{"rendered":"Les Gl\u00e9nan"},"content":{"rendered":"<p>Tirage d&#8217;art sur papier satin brillant (qualit\u00e9 mus\u00e9e) au format 30 x 40 cm.<\/p>\n<h2>Photographie<\/h2>\n<p>Le clich\u00e9 a \u00e9t\u00e9 r\u00e9alis\u00e9 en 2021 par l\u2019Institut G\u00e9ographique National \u00e0 bord d\u2019un avion Beechcraft King Air 200 au-dessus des \u00eeles de Gl\u00e9nan (Finist\u00e8re).<\/p>\n<p>On y voit les \u00eeles de Penfret, Saint Nicolas et du Loc&#8217;h. Figurent aussi : \u00eele Cigogne, \u00eele de Dr\u00e9nec, \u00eele Guignenec, \u00eele de Brilimec, \u00eele de Bananec, \u00eele de Brunec, \u00eele de Guiriden, \u00eele Guiautec&#8230; et tous les autres \u00eelots et rocher de l&#8217;archipel !<\/p>\n<h2>Encres et papier<\/h2>\n<p>Le tirage est r\u00e9alis\u00e9 sur un papier photo de qualit\u00e9 professionnelle au sein de mon laboratoire partenaire. La qualit\u00e9 des encres et du papier vous garantit une <strong>conservation parfaite des couleurs <\/strong>pendant 40 ans en situation d\u2019exposition (\u00e0 la lumi\u00e8re du jour, en int\u00e9rieur et sans exposition \u00e0 la chaleur ou l\u2019humidit\u00e9).<\/p>\n<h2>Encadrement<\/h2>\n<p>Le cadre n\u2019est pas livr\u00e9 avec le tirage. <a href=\"https:\/\/maxime-roy.com\/solutions-dencadrement\/\">Consultez la page \u00ab\u00a0Cadres et encadrement\u00a0\u00bb<\/a> pour <strong>trouver un cadre adapt\u00e9 \u00e0 votre int\u00e9rieur<\/strong>.<br \/>\nSi vous souhaitez recevoir un tirage encadr\u00e9, c\u2019est possible ! Dans ce cas, contactez-moi avant de passer commande (mes coordonn\u00e9es sont en bas de cette page).<\/p>\n<h2>Livraison<\/h2>\n<p>Transporteur : La Poste Colissimo avec suivi.<br \/>\n<strong>D\u00e9lai : 5 jours ouvr\u00e9s<\/strong>. Par exemple, si vous passez commande le samedi ou le dimanche, vous recevrez le colis chez vous le vendredi suivant.<br \/>\n<strong>Emballage<\/strong> : le tirage est d\u00e9pos\u00e9 dans du papier de soie pour prot\u00e9ger les encres du contact avec le carton, puis emball\u00e9 \u00e0 plat dans un emballage avec protection renforc\u00e9e en carton recycl\u00e9. Je vous le garantis : votre tirage n\u2019arrivera jamais pli\u00e9 en mauvais \u00e9tat.<\/p>\n","protected":false},"excerpt":{"rendered":"<p><em>Les Gl\u00e9nan vu du ciel<\/em><br \/>\nPhotographie a\u00e9rienne de l&#8217;archipel de Gl\u00e9nan (2021)<br \/>\n<strong>Format<\/strong> 30 x 40 cm (panoramique)<br \/>\n<strong>Tirage argentique<\/strong> sur papier photo 220 g<\/p>\n<p>Bienvenue aux Gl\u00e9nan ! Contemplez ce paysage remarquable vu du ciel dans votre int\u00e9rieur avec cette photographie a\u00e9rienne originale de l&#8217;archipel. Toutes les \u00eeles et \u00eelots mythiques de l&#8217;archipel y sont repr\u00e9sent\u00e9s : c&#8217;est un spectacle haut en couleurs \u00e0 admirer passionn\u00e9ment.<\/p>\n","protected":false},"featured_media":847,"comment_status":"open","ping_status":"closed","template":"","meta":{"site-sidebar-layout":"default","site-content-layout":"default","ast-global-header-display":"","ast-main-header-display":"","ast-hfb-above-header-display":"","ast-hfb-below-header-display":"","ast-hfb-mobile-header-display":"","site-post-title":"","ast-breadcrumbs-content":"","ast-featured-img":"","footer-sml-layout":"","theme-transparent-header-meta":"default","adv-header-id-meta":"","stick-header-meta":"","header-above-stick-meta":"","header-main-stick-meta":"","header-below-stick-meta":"","_vp_format_video_url":"","_vp_image_focal_point":[]},"product_brand":[],"product_cat":[20,22,84,15,23,19],"product_tag":[33],"class_list":{"0":"post-30","1":"product","2":"type-product","3":"status-publish","4":"has-post-thumbnail","6":"product_cat-facile-a-encadrer","7":"product_cat-france","8":"product_cat-hors-edition-limitee","9":"product_cat-non-classe","10":"product_cat-ocean","11":"product_cat-tirage-dart","12":"product_tag-bretagne","13":"product_shipping_class-creativehub-flatrate","14":"desktop-align-left","15":"tablet-align-left","16":"mobile-align-left","18":"first","19":"instock","20":"purchasable","21":"product-type-variable","22":"has-default-attributes"},"jetpack_sharing_enabled":true,"_links":{"self":[{"href":"https:\/\/maxime-roy.com\/en\/wp-json\/wp\/v2\/product\/30","targetHints":{"allow":["GET"]}}],"collection":[{"href":"https:\/\/maxime-roy.com\/en\/wp-json\/wp\/v2\/product"}],"about":[{"href":"https:\/\/maxime-roy.com\/en\/wp-json\/wp\/v2\/types\/product"}],"replies":[{"embeddable":true,"href":"https:\/\/maxime-roy.com\/en\/wp-json\/wp\/v2\/comments?post=30"}],"wp:featuredmedia":[{"embeddable":true,"href":"https:\/\/maxime-roy.com\/en\/wp-json\/wp\/v2\/media\/847"}],"wp:attachment":[{"href":"https:\/\/maxime-roy.com\/en\/wp-json\/wp\/v2\/media?parent=30"}],"wp:term":[{"taxonomy":"product_brand","embeddable":true,"href":"https:\/\/maxime-roy.com\/en\/wp-json\/wp\/v2\/product_brand?post=30"},{"taxonomy":"product_cat","embeddable":true,"href":"https:\/\/maxime-roy.com\/en\/wp-json\/wp\/v2\/product_cat?post=30"},{"taxonomy":"product_tag","embeddable":true,"href":"https:\/\/maxime-roy.com\/en\/wp-json\/wp\/v2\/product_tag?post=30"}],"curies":[{"name":"wp","href":"https:\/\/api.w.org\/{rel}","templated":true}]}}